{"id":124,"date":"2025-01-01T14:58:23","date_gmt":"2025-01-01T14:58:23","guid":{"rendered":"https:\/\/www.werte-im-blick.de\/wordpress\/?page_id=124"},"modified":"2025-07-04T06:56:16","modified_gmt":"2025-07-04T06:56:16","slug":"startseite_neu","status":"publish","type":"page","link":"https:\/\/www.werte-im-blick.de\/wordpress\/","title":{"rendered":"Startseite"},"content":{"rendered":"\t\t<div data-elementor-type=\"wp-page\" data-elementor-id=\"124\" class=\"elementor elementor-124\">\n\t\t\t\t<div class=\"elementor-element elementor-element-ea48617 e-flex e-con-boxed e-con e-parent\" data-id=\"ea48617\" data-element_type=\"container\">\n\t\t\t\t\t<div class=\"e-con-inner\">\n\t\t\t\t<div class=\"elementor-element elementor-element-274dd47 elementor-widget elementor-widget-heading\" data-id=\"274dd47\" data-element_type=\"widget\" data-widget_type=\"heading.default\">\n\t\t\t\t<div class=\"elementor-widget-container\">\n\t\t\t<h1 class=\"elementor-heading-title elementor-size-default\">Willkommen bei WERTE !M BLICK<\/h1>\t\t<\/div>\n\t\t\t\t<\/div>\n\t\t\t\t\t<\/div>\n\t\t\t\t<\/div>\n\t\t<div class=\"elementor-element elementor-element-1aa8c97 e-flex e-con-boxed e-con e-parent\" data-id=\"1aa8c97\" data-element_type=\"container\">\n\t\t\t\t\t<div class=\"e-con-inner\">\n\t\t<div class=\"elementor-element elementor-element-febe801 e-con-full e-flex e-con e-child\" data-id=\"febe801\" data-element_type=\"container\">\n\t\t<div class=\"elementor-element elementor-element-5b13757 e-con-full e-flex e-con e-child\" data-id=\"5b13757\" data-element_type=\"container\">\n\t\t\t\t<div class=\"elementor-element elementor-element-51bd37e elementor-widget elementor-widget-text-editor\" data-id=\"51bd37e\" data-element_type=\"widget\" data-widget_type=\"text-editor.default\">\n\t\t\t\t<div class=\"elementor-widget-container\">\n\t\t\t\t\t\t\t<p>\u201cUnsere Aufgabe [\u2026] besteht darin zu erkennen, dass uns etwas erf\u00fcllt, weil wir es selbst nun einmal so empfinden, und nicht, weil jemand anderer uns sagt, dass es erf\u00fcllend sei.&#8220;<\/p><p><em>(aus: Das Caf\u00e9 am Rande der Welt. Eine Erz\u00e4hlung \u00fcber den Sinn des Lebens, John Strelecky)<\/em><\/p>\t\t\t\t\t\t<\/div>\n\t\t\t\t<\/div>\n\t\t\t\t<\/div>\n\t\t\t\t<\/div>\n\t\t<div class=\"elementor-element elementor-element-06ab8a1 e-con-full e-flex e-con e-child\" data-id=\"06ab8a1\" data-element_type=\"container\">\n\t\t\t\t<div class=\"elementor-element elementor-element-5205a40 elementor-widget elementor-widget-text-editor\" data-id=\"5205a40\" data-element_type=\"widget\" data-widget_type=\"text-editor.default\">\n\t\t\t\t<div class=\"elementor-widget-container\">\n\t\t\t\t\t\t\t<p>Hier finden Sie Unterst\u00fctzung und Angebote in folgenden Themenbreichen:<\/p><ul><li>professionelle und vertrauliche <strong>systemische Beratung<\/strong> in Stuttgart (bzw. Onlineberatung \u00fcber Zoom) f\u00fcr pers\u00f6nliche oder berufliche Themen<\/li><li><strong>Workshops<\/strong> <strong>im Themenfeld Demokratiebildung<\/strong> f\u00fcr die Klassenstufen 4 bis 12 und weitere Angebote <em>(beispielsweise ein <strong>ressourcenorientiertes Programm f\u00fcr Sch\u00fcler:innen<\/strong> ab Klasse 8 oder ein <strong>Argumentationstraining gegen Rechts<\/strong>)<\/em><\/li><li>Alle von mir angebotenen Workshops schule ich zudem an Interessierte Personen (Schulsozialarbeiter:innen, Lehrkr\u00e4fte, etc.)<\/li><\/ul><p>Ich bin der \u00dcberzeugung, dass dort wo L\u00f6sungen f\u00fcr Herausforderungen oder Konflikte gefunden worden sind, etwas au\u00dferordentlich gut funktioniert haben muss.<\/p><p>Muster f\u00fcr Gelingendes zu ergr\u00fcnden und Wege zu schaffen, damit diese Potentiale wirken k\u00f6nnen, sehe ich als meine Aufgabe an.<\/p><p>Schl\u00fcssel hierf\u00fcr ist es, eine eigene Haltung (wieder)zufinden gepaart mit der Bereitschaft, den eigenen Blickwinkel immer wieder bewu\u00dft zu ver\u00e4ndern, andere Positionen anzuerkennen und den Fokus auf dasjenige zu legen, was m\u00f6glich und erreichbar ist. Dies alles im Einklang mit dem eigenen, pers\u00f6nlichen Wertekanon.<\/p><p>Ich freue mich auf Ihre Kontaktaufnahme und bin gespannt auf Ihre Blickwinkel, M\u00f6glichkeiten und Ideen f\u00fcr eine erfolgreiche Zusammenarbeit.<\/p>\t\t\t\t\t\t<\/div>\n\t\t\t\t<\/div>\n\t\t\t\t<div class=\"elementor-element elementor-element-d7cc1b0 elementor-widget elementor-widget-text-editor\" data-id=\"d7cc1b0\" data-element_type=\"widget\" data-widget_type=\"text-editor.default\">\n\t\t\t\t<div class=\"elementor-widget-container\">\n\t\t\t\t\t\t\t<p>Ihr<\/p><p>Lukas Wieseh\u00f6fer<\/p><p>\u00a0<\/p>\t\t\t\t\t\t<\/div>\n\t\t\t\t<\/div>\n\t\t\t\t<\/div>\n\t\t\t\t\t<\/div>\n\t\t\t\t<\/div>\n\t\t\t\t<\/div>\n\t\t","protected":false},"excerpt":{"rendered":"<p>Willkommen bei WERTE !M BLICK \u201cUnsere Aufgabe [\u2026] besteht darin zu erkennen, dass uns etwas erf\u00fcllt, weil wir es selbst nun einmal so empfinden, und nicht, weil jemand anderer uns &#8230;<\/p>\n","protected":false},"author":1,"featured_media":0,"parent":0,"menu_order":0,"comment_status":"closed","ping_status":"closed","template":"","meta":{"footnotes":""},"class_list":["post-124","page","type-page","status-publish","hentry"],"yoast_head":"<!-- This site is optimized with the Yoast SEO plugin v24.1 - https:\/\/yoast.com\/wordpress\/plugins\/seo\/ -->\n<title>WERTE !M BLICK<\/title>\n<meta name=\"description\" content=\"Als Referent biete ich u.a. Demokratieworkshops an Schulen f\u00fcr die Klassenstufe 4 bis 12 an und nehme zusammen mit Sch\u00fcler:innen unsere demokratische Gesellschaftsform in den Blick. Als systemischer Berater helfe ich Einzelpersonen, individuell passende L\u00f6sungen f\u00fcr private und\/oder berufliche Herausforderungen und Konflikte zu finden. Mein Fokus liegt also auf dem Prozess von Entscheidungsfindungen auf Grundlage eigener Werte und Haltungen innerhalb von Systemen. Ich freue mich auf Ihre Blickwinkel und Ideen f\u00fcr eine Zusammenarbeit.\" \/>\n<meta name=\"robots\" content=\"index, follow, max-snippet:-1, max-image-preview:large, max-video-preview:-1\" \/>\n<link rel=\"canonical\" href=\"https:\/\/www.werte-im-blick.de\/wordpress\/\" \/>\n<meta property=\"og:locale\" content=\"de_DE\" \/>\n<meta property=\"og:type\" content=\"article\" \/>\n<meta property=\"og:title\" content=\"WERTE !M BLICK\" \/>\n<meta property=\"og:description\" content=\"Als Referent biete ich u.a. Demokratieworkshops an Schulen f\u00fcr die Klassenstufe 4 bis 12 an und nehme zusammen mit Sch\u00fcler:innen unsere demokratische Gesellschaftsform in den Blick. Als systemischer Berater helfe ich Einzelpersonen, individuell passende L\u00f6sungen f\u00fcr private und\/oder berufliche Herausforderungen und Konflikte zu finden. Mein Fokus liegt also auf dem Prozess von Entscheidungsfindungen auf Grundlage eigener Werte und Haltungen innerhalb von Systemen. Ich freue mich auf Ihre Blickwinkel und Ideen f\u00fcr eine Zusammenarbeit.\" \/>\n<meta property=\"og:url\" content=\"https:\/\/www.werte-im-blick.de\/wordpress\/\" \/>\n<meta property=\"og:site_name\" content=\"WERTE !M BLICK\" \/>\n<meta property=\"article:modified_time\" content=\"2025-07-04T06:56:16+00:00\" \/>\n<meta name=\"twitter:card\" content=\"summary_large_image\" \/>\n<meta name=\"twitter:label1\" content=\"Gesch\u00e4tzte Lesezeit\" \/>\n\t<meta name=\"twitter:data1\" content=\"2\u00a0Minuten\" \/>\n<script type=\"application\/ld+json\" class=\"yoast-schema-graph\">{\"@context\":\"https:\/\/schema.org\",\"@graph\":[{\"@type\":\"WebPage\",\"@id\":\"https:\/\/www.werte-im-blick.de\/wordpress\/\",\"url\":\"https:\/\/www.werte-im-blick.de\/wordpress\/\",\"name\":\"WERTE !M BLICK\",\"isPartOf\":{\"@id\":\"https:\/\/www.werte-im-blick.de\/wordpress\/#website\"},\"datePublished\":\"2025-01-01T14:58:23+00:00\",\"dateModified\":\"2025-07-04T06:56:16+00:00\",\"description\":\"Als Referent biete ich u.a. Demokratieworkshops an Schulen f\u00fcr die Klassenstufe 4 bis 12 an und nehme zusammen mit Sch\u00fcler:innen unsere demokratische Gesellschaftsform in den Blick. Als systemischer Berater helfe ich Einzelpersonen, individuell passende L\u00f6sungen f\u00fcr private und\/oder berufliche Herausforderungen und Konflikte zu finden. Mein Fokus liegt also auf dem Prozess von Entscheidungsfindungen auf Grundlage eigener Werte und Haltungen innerhalb von Systemen. Ich freue mich auf Ihre Blickwinkel und Ideen f\u00fcr eine Zusammenarbeit.\",\"breadcrumb\":{\"@id\":\"https:\/\/www.werte-im-blick.de\/wordpress\/#breadcrumb\"},\"inLanguage\":\"de\",\"potentialAction\":[{\"@type\":\"ReadAction\",\"target\":[\"https:\/\/www.werte-im-blick.de\/wordpress\/\"]}]},{\"@type\":\"BreadcrumbList\",\"@id\":\"https:\/\/www.werte-im-blick.de\/wordpress\/#breadcrumb\",\"itemListElement\":[{\"@type\":\"ListItem\",\"position\":1,\"name\":\"Startseite\",\"item\":\"https:\/\/www.werte-im-blick.de\/wordpress\/\"},{\"@type\":\"ListItem\",\"position\":2,\"name\":\"HOME\"}]},{\"@type\":\"WebSite\",\"@id\":\"https:\/\/www.werte-im-blick.de\/wordpress\/#website\",\"url\":\"https:\/\/www.werte-im-blick.de\/wordpress\/\",\"name\":\"WERTE !M BLICK\",\"description\":\"\",\"publisher\":{\"@id\":\"https:\/\/www.werte-im-blick.de\/wordpress\/#organization\"},\"potentialAction\":[{\"@type\":\"SearchAction\",\"target\":{\"@type\":\"EntryPoint\",\"urlTemplate\":\"https:\/\/www.werte-im-blick.de\/wordpress\/?s={search_term_string}\"},\"query-input\":{\"@type\":\"PropertyValueSpecification\",\"valueRequired\":true,\"valueName\":\"search_term_string\"}}],\"inLanguage\":\"de\"},{\"@type\":\"Organization\",\"@id\":\"https:\/\/www.werte-im-blick.de\/wordpress\/#organization\",\"name\":\"WERTE !M BLICK\",\"url\":\"https:\/\/www.werte-im-blick.de\/wordpress\/\",\"logo\":{\"@type\":\"ImageObject\",\"inLanguage\":\"de\",\"@id\":\"https:\/\/www.werte-im-blick.de\/wordpress\/#\/schema\/logo\/image\/\",\"url\":\"https:\/\/www.werte-im-blick.de\/wordpress\/wp-content\/uploads\/2024\/12\/cropped-werte_im_blick_logo_website.png\",\"contentUrl\":\"https:\/\/www.werte-im-blick.de\/wordpress\/wp-content\/uploads\/2024\/12\/cropped-werte_im_blick_logo_website.png\",\"width\":329,\"height\":100,\"caption\":\"WERTE !M BLICK\"},\"image\":{\"@id\":\"https:\/\/www.werte-im-blick.de\/wordpress\/#\/schema\/logo\/image\/\"}}]}<\/script>\n<!-- \/ Yoast SEO plugin. -->","yoast_head_json":{"title":"WERTE !M BLICK","description":"Als Referent biete ich u.a. Demokratieworkshops an Schulen f\u00fcr die Klassenstufe 4 bis 12 an und nehme zusammen mit Sch\u00fcler:innen unsere demokratische Gesellschaftsform in den Blick. Als systemischer Berater helfe ich Einzelpersonen, individuell passende L\u00f6sungen f\u00fcr private und\/oder berufliche Herausforderungen und Konflikte zu finden. Mein Fokus liegt also auf dem Prozess von Entscheidungsfindungen auf Grundlage eigener Werte und Haltungen innerhalb von Systemen. Ich freue mich auf Ihre Blickwinkel und Ideen f\u00fcr eine Zusammenarbeit.","robots":{"index":"index","follow":"follow","max-snippet":"max-snippet:-1","max-image-preview":"max-image-preview:large","max-video-preview":"max-video-preview:-1"},"canonical":"https:\/\/www.werte-im-blick.de\/wordpress\/","og_locale":"de_DE","og_type":"article","og_title":"WERTE !M BLICK","og_description":"Als Referent biete ich u.a. Demokratieworkshops an Schulen f\u00fcr die Klassenstufe 4 bis 12 an und nehme zusammen mit Sch\u00fcler:innen unsere demokratische Gesellschaftsform in den Blick. Als systemischer Berater helfe ich Einzelpersonen, individuell passende L\u00f6sungen f\u00fcr private und\/oder berufliche Herausforderungen und Konflikte zu finden. Mein Fokus liegt also auf dem Prozess von Entscheidungsfindungen auf Grundlage eigener Werte und Haltungen innerhalb von Systemen. Ich freue mich auf Ihre Blickwinkel und Ideen f\u00fcr eine Zusammenarbeit.","og_url":"https:\/\/www.werte-im-blick.de\/wordpress\/","og_site_name":"WERTE !M BLICK","article_modified_time":"2025-07-04T06:56:16+00:00","twitter_card":"summary_large_image","twitter_misc":{"Gesch\u00e4tzte Lesezeit":"2\u00a0Minuten"},"schema":{"@context":"https:\/\/schema.org","@graph":[{"@type":"WebPage","@id":"https:\/\/www.werte-im-blick.de\/wordpress\/","url":"https:\/\/www.werte-im-blick.de\/wordpress\/","name":"WERTE !M BLICK","isPartOf":{"@id":"https:\/\/www.werte-im-blick.de\/wordpress\/#website"},"datePublished":"2025-01-01T14:58:23+00:00","dateModified":"2025-07-04T06:56:16+00:00","description":"Als Referent biete ich u.a. Demokratieworkshops an Schulen f\u00fcr die Klassenstufe 4 bis 12 an und nehme zusammen mit Sch\u00fcler:innen unsere demokratische Gesellschaftsform in den Blick. Als systemischer Berater helfe ich Einzelpersonen, individuell passende L\u00f6sungen f\u00fcr private und\/oder berufliche Herausforderungen und Konflikte zu finden. Mein Fokus liegt also auf dem Prozess von Entscheidungsfindungen auf Grundlage eigener Werte und Haltungen innerhalb von Systemen. Ich freue mich auf Ihre Blickwinkel und Ideen f\u00fcr eine Zusammenarbeit.","breadcrumb":{"@id":"https:\/\/www.werte-im-blick.de\/wordpress\/#breadcrumb"},"inLanguage":"de","potentialAction":[{"@type":"ReadAction","target":["https:\/\/www.werte-im-blick.de\/wordpress\/"]}]},{"@type":"BreadcrumbList","@id":"https:\/\/www.werte-im-blick.de\/wordpress\/#breadcrumb","itemListElement":[{"@type":"ListItem","position":1,"name":"Startseite","item":"https:\/\/www.werte-im-blick.de\/wordpress\/"},{"@type":"ListItem","position":2,"name":"HOME"}]},{"@type":"WebSite","@id":"https:\/\/www.werte-im-blick.de\/wordpress\/#website","url":"https:\/\/www.werte-im-blick.de\/wordpress\/","name":"WERTE !M BLICK","description":"","publisher":{"@id":"https:\/\/www.werte-im-blick.de\/wordpress\/#organization"},"potentialAction":[{"@type":"SearchAction","target":{"@type":"EntryPoint","urlTemplate":"https:\/\/www.werte-im-blick.de\/wordpress\/?s={search_term_string}"},"query-input":{"@type":"PropertyValueSpecification","valueRequired":true,"valueName":"search_term_string"}}],"inLanguage":"de"},{"@type":"Organization","@id":"https:\/\/www.werte-im-blick.de\/wordpress\/#organization","name":"WERTE !M BLICK","url":"https:\/\/www.werte-im-blick.de\/wordpress\/","logo":{"@type":"ImageObject","inLanguage":"de","@id":"https:\/\/www.werte-im-blick.de\/wordpress\/#\/schema\/logo\/image\/","url":"https:\/\/www.werte-im-blick.de\/wordpress\/wp-content\/uploads\/2024\/12\/cropped-werte_im_blick_logo_website.png","contentUrl":"https:\/\/www.werte-im-blick.de\/wordpress\/wp-content\/uploads\/2024\/12\/cropped-werte_im_blick_logo_website.png","width":329,"height":100,"caption":"WERTE !M BLICK"},"image":{"@id":"https:\/\/www.werte-im-blick.de\/wordpress\/#\/schema\/logo\/image\/"}}]}},"_links":{"self":[{"href":"https:\/\/www.werte-im-blick.de\/wordpress\/index.php?rest_route=\/wp\/v2\/pages\/124","targetHints":{"allow":["GET"]}}],"collection":[{"href":"https:\/\/www.werte-im-blick.de\/wordpress\/index.php?rest_route=\/wp\/v2\/pages"}],"about":[{"href":"https:\/\/www.werte-im-blick.de\/wordpress\/index.php?rest_route=\/wp\/v2\/types\/page"}],"author":[{"embeddable":true,"href":"https:\/\/www.werte-im-blick.de\/wordpress\/index.php?rest_route=\/wp\/v2\/users\/1"}],"replies":[{"embeddable":true,"href":"https:\/\/www.werte-im-blick.de\/wordpress\/index.php?rest_route=%2Fwp%2Fv2%2Fcomments&post=124"}],"version-history":[{"count":59,"href":"https:\/\/www.werte-im-blick.de\/wordpress\/index.php?rest_route=\/wp\/v2\/pages\/124\/revisions"}],"predecessor-version":[{"id":1165,"href":"https:\/\/www.werte-im-blick.de\/wordpress\/index.php?rest_route=\/wp\/v2\/pages\/124\/revisions\/1165"}],"wp:attachment":[{"href":"https:\/\/www.werte-im-blick.de\/wordpress\/index.php?rest_route=%2Fwp%2Fv2%2Fmedia&parent=124"}],"curies":[{"name":"wp","href":"https:\/\/api.w.org\/{rel}","templated":true}]}}